{"id":245,"date":"2020-12-02T00:39:03","date_gmt":"2020-12-02T00:39:03","guid":{"rendered":"https:\/\/astroevent.ch\/?page_id=245"},"modified":"2022-01-11T12:48:51","modified_gmt":"2022-01-11T12:48:51","slug":"das-sagen-die-teilnehmer","status":"publish","type":"page","link":"https:\/\/astroevents.ch\/fr\/das-sagen-die-teilnehmer","title":{"rendered":""},"content":{"rendered":"\n<p><strong>Avis des clients<\/strong><\/p>\n\n\n\n<p> [expand title=\u00a0\u00bb<em><em><em>The EPFL\u2019s Vice Presidency for Innovation had a great time<\/em><\/em> with Astro Events<em> <\/em><\/em>&#8211; Marc Gruber EPFL <em><em>\u00ab\u00a0] <\/em><\/em><\/p>\n\n\n\n<p><em><em>The EPFL\u2019s Vice Presidency for Innovation had a great time with Jos and Basil&nbsp;at its retreat in Mount Pilatus in May 2018. The whole event was perfectly managed: the presentation was&nbsp;highly interactive, our observation of the sun, planets&nbsp;and stars was exciting, and the two experts were able to share their passion&#8230;so that we almost reached the sky and touched the stars ourselves! They also answered to all our questions either in English, French&nbsp;or German. A unique experience for the team&#8230;thank you from the whole VPI<\/em>! Marc Gruber, Vice President for Innovation , EPFL, 29.05.2018 [\/expand]<\/em> <\/p>\n\n\n\n<p> [expand title=\u00a0\u00bb<em><em><em>Wir haben uns \u00fcber den wundersch\u00f6nen Abend mit abertausenden von Sternen und den pers\u00f6nlichen Gespr\u00e4chen sehr gefreut<em> <\/em><\/em> &#8211; <\/em><\/em>Andrea Wuchner, Contis GmbH  <em><em>\u00ab\u00a0] <\/em><\/em> <\/p>\n\n\n\n<p>Astroevents bietet einen \u00e4u\u00dferst eindr\u00fccklichen Einblick in die Zusammenh\u00e4nge des Universums. Kerr Kohn und sein Team erkl\u00e4ren verst\u00e4ndlich, praxisnahe und mit ansteckender Begeisterung unser Sonnensystem und zeigen die unvorstellbaren Dimensionen des Weltalls auf. Auf dem Pilatus gelingt dies per Teleskop auf faszinierende Art und Weise. Wir haben uns \u00fcber den wundersch\u00f6nen Abend mit abertausenden von Sternen und den pers\u00f6nlichen Gespr\u00e4chen sehr gefreut. Der Blick auf Jupiter, Mars, Saturn und weitere Planeten bleibt unvergesslich. Herzlichen Dank!  <em><em>&#8211; Andrea Wuchner, Contis GmbH ,  06.07.2018&Prime;] <\/em><\/em>   <em>[\/expand]<\/em>  <\/p>\n\n\n\n<p>[expand title=\u00a0\u00bb<em>Dieses auch f\u00fcr Laien interessante Programm k\u00f6nnen wir nur weiter empfehlen <\/em>&#8211; Caroline  Marti, SUVA \u00ab\u00a0]<\/p>\n\n\n\n<p>Super spannender Astronomie-Abend mit Basil Reinhard. Gestartet haben wir mit einem interessanten Vortrag, es folgten verbl\u00fcffende<br>Informationen und spannende Zahlen. Dann ging\u2019s ins Freie, wo wir spektakul\u00e4re Sternbilder \u2013 durch das gigantische Teleskop &#8211; betrachten<br>durften.<br>Fragen wurden verst\u00e4ndlich und ausf\u00fchrlich beantwortet. Dieses auch f\u00fcr Laien interessante Programm k\u00f6nnen wir nur weiter empfehlen.  &#8211; Caroline  Marti, SUVA, 22.09.2018 [\/expand]<\/p>\n\n\n\n<p><\/p>\n\n\n\n<p> [expand title=\u00a0\u00bb <em>Der ganze Anlass hat bei uns nur lobende Worte und Anerkennung gefunden. Ich kann Astro-Events f\u00fcr Firmen und Teams jederzeit empfehlen!<\/em>&#8211; Lukas Bartosch, Roche \u00ab\u00a0]<\/p>\n\n\n\n<p>Der ganze Anlass hat bei uns nur lobende Worte und Anerkennung gefunden. Meine sonst sehr kritischen Kollegen fanden den Astro-Anlass lehrreich,<br>spannend und \u00e4usserst beeindruckend und der Event wurde allerseits sehr gelobt. <\/p>\n\n\n\n<p>Der spannende Theorie-Teil, das Wetter und die Tatsache, dass genau 15 Minuten vor dem Start mit dem Teleskop am Abend sich der Nebel gelichtet<br>hatte, war ja schon fast mehr als nur Gl\u00fcck! Da haben wohl die Seelen der Drachen auf dem Pilatus mitgespielt!<\/p>\n\n\n\n<p>Keiner meiner Kollegen und ich hatten je die M\u00f6glichkeit den Sternen so nahe zu sein. Herzlichen Dank f\u00fcr dieses Erlebnis und vielen Dank f\u00fcr die<br>Instruktion mit der Kamera! Deine Instruktion, Inputs und Geduld sowie Dein freundliches Wesen wurde von allen sehr gesch\u00e4tzt!<br>Ich kann Astro-Events f\u00fcr Firmen und Teams jederzeit empfehlen! &#8211; Lukas Bartosch, Roche, 17.12.2018 [\/expand]<\/p>\n\n\n\n<p><\/p>\n\n\n\n<p>[expand title =\u00a0\u00bb <em> Der Astroevent war f\u00fcr uns alle das T\u00fcpfelchen auf dem \u00abi\u00bb<\/em> <em>an unserem Teamevent !<\/em>&#8211; Annina Schmid, JURA Apotheke \u00ab\u00a0]  <\/p>\n\n\n\n<p>Der Astroevent war f\u00fcr uns alle das T\u00fcpfelchen auf dem \u00abi\u00bb an unserem Teamevent. Jos Kohn hat einen super spannenden und vielseitigen Vortrag vorbereitet und konnte uns alle mit seiner lockeren, humorvollen Art und seiner Begeisterung f\u00fcr das Universum mitreissen. Das Beobachten mit dem Teleskop war eine einmalige Erfahrung und er\u00f6ffnete uns wortw\u00f6rtlich ganz neue Perspektiven. Alles in allem ein sehr gelungener Abend \u2013 Vielen herzlichen Dank! &#8211; Annina Schmid, Jura Apotheke, 10.12.2021 [\/expand] <\/p>\n\n\n\n<hr class=\"wp-block-separator\"\/>\n\n\n\n<p><strong>Articles dans la presse<\/strong><\/p>\n\n\n\n<p><a href=\"https:\/\/kurier.at\/reise\/luzern-sternenhimmel-auf-2128-meter\/400467514\" target=\"_blank\" rel=\"noreferrer noopener\">Luzern: Sternenhimmel auf 2128 Meter<\/a>, Herbert Gartner, Kurier.at, 16.04.2019<\/p>\n\n\n\n<p><a href=\"https:\/\/www.anzeigervonsaanen.ch\/2021\/07\/funkeln-lauenen-\u2013-faszination-sternenhimmel.html-0\" target=\"_blank\" rel=\"noreferrer noopener sponsored nofollow\">Funkeln in Lauenen-Faszination Sternenhimmel<\/a>, Anzeiger von Saanen, 06.07.2021<\/p>\n\n\n\n<p><a href=\"https:\/\/www.20min.ch\/fr\/video\/lorage-eteint-les-etoiles-filantes-623221754223?fbclid=IwAR3qpy81N_lxSRfcsqe5qytiA3iIQDUccRg9h8NTsYmsNm5a0qebvo8TMzI\">L&rsquo;orage \u00e9t<\/a><a href=\"https:\/\/www.20min.ch\/fr\/video\/lorage-eteint-les-etoiles-filantes-623221754223?fbclid=IwAR3qpy81N_lxSRfcsqe5qytiA3iIQDUccRg9h8NTsYmsNm5a0qebvo8TMzI\" target=\"_blank\" rel=\"noreferrer noopener\">eint les \u00e9toiles filantes<\/a>, Vanessa Lam, 20min.ch, 13.08.2021<\/p>\n\n\n\n<p><a href=\"https:\/\/www.laliberte.ch\/news\/regions\/canton\/la-pluie-en-chasse-une-autre-615005\" target=\"_blank\" rel=\"noreferrer noopener\">La pluie en chasse une autre<\/a>, Claire Pasquier, La Libert\u00e9, 13.08.2021<\/p>\n\n\n\n<p><a href=\"https:\/\/www.tagesanzeiger.ch\/so-stehen-die-sterne-an-weihnachten-707796864430\" target=\"_blank\" rel=\"noreferrer noopener\">So stehen die Sterne an Weihnachten<\/a>, Daniel J. Sch\u00fcz, Sonntagszeitung, 19.12.2021<\/p>\n\n\n\n<hr class=\"wp-block-separator\"\/>\n\n\n\n<p><strong>Reservez votre soir\u00e9e d&rsquo;astronomie<\/strong><\/p>\n\n\n\n<p>Vous souhaitez organiser un \u00e9v\u00e9nement inoubliable et unique pour votre entreprise? Nous nous ferons un plaisir de vous conseiller et d&rsquo;\u00e9tablir une offre selon vos souhaits. Nous nous r\u00e9jouissons de votre prise de contact, soit par mail \u00e0 info@astroevents.ch, soit via notre <a href=\"https:\/\/astroevents.ch\/fr\/kontakt\" target=\"_blank\" rel=\"noreferrer noopener\">formulaire de contact<\/a>.<\/p>\n\n\n\n<figure class=\"wp-block-gallery columns-1 is-cropped wp-block-gallery-1 is-layout-flex wp-block-gallery-is-layout-flex\"><ul class=\"blocks-gallery-grid\"><li class=\"blocks-gallery-item\"><figure><img loading=\"lazy\" decoding=\"async\" width=\"1024\" height=\"427\" src=\"https:\/\/astroevents.ch\/wp-content\/uploads\/2021\/12\/DSC_5382-aufgehellt-1024x427.jpg\" alt=\"\" data-id=\"480\" data-full-url=\"https:\/\/astroevents.ch\/wp-content\/uploads\/2021\/12\/DSC_5382-aufgehellt-scaled.jpg\" data-link=\"https:\/\/astroevents.ch\/das-sagen-die-teilnehmer\/dsc_5382-aufgehellt\" class=\"wp-image-480\" srcset=\"https:\/\/astroevents.ch\/wp-content\/uploads\/2021\/12\/DSC_5382-aufgehellt-1024x427.jpg 1024w, https:\/\/astroevents.ch\/wp-content\/uploads\/2021\/12\/DSC_5382-aufgehellt-300x125.jpg 300w, https:\/\/astroevents.ch\/wp-content\/uploads\/2021\/12\/DSC_5382-aufgehellt-768x321.jpg 768w, https:\/\/astroevents.ch\/wp-content\/uploads\/2021\/12\/DSC_5382-aufgehellt-1536x641.jpg 1536w, https:\/\/astroevents.ch\/wp-content\/uploads\/2021\/12\/DSC_5382-aufgehellt-2048x855.jpg 2048w\" sizes=\"auto, (max-width: 1024px) 100vw, 1024px\" \/><figcaption class=\"blocks-gallery-item__caption\">Une soir\u00e9e d&rsquo;astronomie r\u00e9ussie pour un \u00e9v\u00e9nement de Roche au sommet du Pilatus.<\/figcaption><\/figure><\/li><\/ul><\/figure>\n","protected":false},"excerpt":{"rendered":"<p>Avis des clients [expand title=\u00a0\u00bbThe EPFL\u2019s Vice Presidency for Innovation had a great time with Astro Events &#8211; Marc Gruber EPFL \u00ab\u00a0] The EPFL\u2019s Vice Presidency for Innovation had a&hellip;&nbsp;<a href=\"https:\/\/astroevents.ch\/fr\/das-sagen-die-teilnehmer\" rel=\"bookmark\">Lire la suite &raquo;<span class=\"screen-reader-text\"><\/span><\/a><\/p>\n","protected":false},"author":1,"featured_media":0,"parent":0,"menu_order":0,"comment_status":"closed","ping_status":"closed","template":"","meta":{"_monsterinsights_skip_tracking":false,"_monsterinsights_sitenote_active":false,"_monsterinsights_sitenote_note":"","_monsterinsights_sitenote_category":0,"neve_meta_sidebar":"full-width","neve_meta_container":"","neve_meta_enable_content_width":"on","neve_meta_content_width":100,"neve_meta_title_alignment":"","neve_meta_author_avatar":"","neve_post_elements_order":"","neve_meta_disable_header":"","neve_meta_disable_footer":"","neve_meta_disable_title":"","footnotes":""},"class_list":["post-245","page","type-page","status-publish","hentry"],"yoast_head":"<!-- This site is optimized with the Yoast SEO plugin v27.5 - https:\/\/yoast.com\/product\/yoast-seo-wordpress\/ -->\n<title>- Astro Events<\/title>\n<meta name=\"robots\" content=\"index, follow, max-snippet:-1, max-image-preview:large, max-video-preview:-1\" \/>\n<link rel=\"canonical\" href=\"https:\/\/astroevents.ch\/fr\/das-sagen-die-teilnehmer\" \/>\n<meta property=\"og:locale\" content=\"fr_FR\" \/>\n<meta property=\"og:locale:alternate\" content=\"de_CH\" \/>\n<meta property=\"og:locale:alternate\" content=\"en-uk\" \/>\n<meta property=\"og:type\" content=\"article\" \/>\n<meta property=\"og:title\" content=\"- Astro Events\" \/>\n<meta property=\"og:description\" content=\"Avis des clients [expand title=\u00a0\u00bbThe EPFL\u2019s Vice Presidency for Innovation had a great time with Astro Events &#8211; Marc Gruber EPFL \u00ab\u00a0] The EPFL\u2019s Vice Presidency for Innovation had a&hellip;&nbsp;Lire la suite &raquo;\" \/>\n<meta property=\"og:url\" content=\"https:\/\/astroevents.ch\/fr\/das-sagen-die-teilnehmer\" \/>\n<meta property=\"og:site_name\" content=\"Astro Events\" \/>\n<meta property=\"article:modified_time\" content=\"2022-01-11T12:48:51+00:00\" \/>\n<meta property=\"og:image\" content=\"https:\/\/astroevents.ch\/wp-content\/uploads\/2021\/12\/DSC_5382-aufgehellt-1024x427.jpg\" \/>\n<meta name=\"twitter:card\" content=\"summary_large_image\" \/>\n<meta name=\"twitter:label1\" content=\"Dur\u00e9e de lecture estim\u00e9e\" \/>\n\t<meta name=\"twitter:data1\" content=\"7 minutes\" \/>\n<script type=\"application\/ld+json\" class=\"yoast-schema-graph\">{\"@context\":\"https:\\\/\\\/schema.org\",\"@graph\":[{\"@type\":\"WebPage\",\"@id\":\"https:\\\/\\\/astroevents.ch\\\/en\\\/das-sagen-die-teilnehmer\",\"url\":\"https:\\\/\\\/astroevents.ch\\\/en\\\/das-sagen-die-teilnehmer\",\"name\":\"- Astro Events\",\"isPartOf\":{\"@id\":\"https:\\\/\\\/astroevents.ch\\\/#website\"},\"primaryImageOfPage\":{\"@id\":\"https:\\\/\\\/astroevents.ch\\\/en\\\/das-sagen-die-teilnehmer#primaryimage\"},\"image\":{\"@id\":\"https:\\\/\\\/astroevents.ch\\\/en\\\/das-sagen-die-teilnehmer#primaryimage\"},\"thumbnailUrl\":\"https:\\\/\\\/astroevents.ch\\\/wp-content\\\/uploads\\\/2021\\\/12\\\/DSC_5382-aufgehellt-1024x427.jpg\",\"datePublished\":\"2020-12-02T00:39:03+00:00\",\"dateModified\":\"2022-01-11T12:48:51+00:00\",\"inLanguage\":\"fr-FR\",\"potentialAction\":[{\"@type\":\"ReadAction\",\"target\":[\"https:\\\/\\\/astroevents.ch\\\/en\\\/das-sagen-die-teilnehmer\"]}]},{\"@type\":\"ImageObject\",\"inLanguage\":\"fr-FR\",\"@id\":\"https:\\\/\\\/astroevents.ch\\\/en\\\/das-sagen-die-teilnehmer#primaryimage\",\"url\":\"https:\\\/\\\/astroevents.ch\\\/wp-content\\\/uploads\\\/2021\\\/12\\\/DSC_5382-aufgehellt-1024x427.jpg\",\"contentUrl\":\"https:\\\/\\\/astroevents.ch\\\/wp-content\\\/uploads\\\/2021\\\/12\\\/DSC_5382-aufgehellt-1024x427.jpg\"},{\"@type\":\"WebSite\",\"@id\":\"https:\\\/\\\/astroevents.ch\\\/#website\",\"url\":\"https:\\\/\\\/astroevents.ch\\\/\",\"name\":\"Astro Events\",\"description\":\"This site is under construction, please visit in the meantime our official webpage: astroevents.ch or find us on facebook: https:\\\/\\\/www.facebook.com\\\/astroevents.ch\\\/\",\"publisher\":{\"@id\":\"https:\\\/\\\/astroevents.ch\\\/#organization\"},\"potentialAction\":[{\"@type\":\"SearchAction\",\"target\":{\"@type\":\"EntryPoint\",\"urlTemplate\":\"https:\\\/\\\/astroevents.ch\\\/?s={search_term_string}\"},\"query-input\":{\"@type\":\"PropertyValueSpecification\",\"valueRequired\":true,\"valueName\":\"search_term_string\"}}],\"inLanguage\":\"fr-FR\"},{\"@type\":\"Organization\",\"@id\":\"https:\\\/\\\/astroevents.ch\\\/#organization\",\"name\":\"Astro Events\",\"url\":\"https:\\\/\\\/astroevents.ch\\\/\",\"logo\":{\"@type\":\"ImageObject\",\"inLanguage\":\"fr-FR\",\"@id\":\"https:\\\/\\\/astroevents.ch\\\/#\\\/schema\\\/logo\\\/image\\\/\",\"url\":\"https:\\\/\\\/astroevents.ch\\\/wp-content\\\/uploads\\\/2020\\\/02\\\/AstroEvent_logo_white_path.png\",\"contentUrl\":\"https:\\\/\\\/astroevents.ch\\\/wp-content\\\/uploads\\\/2020\\\/02\\\/AstroEvent_logo_white_path.png\",\"width\":1113,\"height\":910,\"caption\":\"Astro Events\"},\"image\":{\"@id\":\"https:\\\/\\\/astroevents.ch\\\/#\\\/schema\\\/logo\\\/image\\\/\"}}]}<\/script>\n<!-- \/ Yoast SEO plugin. -->","yoast_head_json":{"title":"- Astro Events","robots":{"index":"index","follow":"follow","max-snippet":"max-snippet:-1","max-image-preview":"max-image-preview:large","max-video-preview":"max-video-preview:-1"},"canonical":"https:\/\/astroevents.ch\/fr\/das-sagen-die-teilnehmer","og_locale":"fr_FR","og_type":"article","og_title":"- Astro Events","og_description":"Avis des clients [expand title=\u00a0\u00bbThe EPFL\u2019s Vice Presidency for Innovation had a great time with Astro Events &#8211; Marc Gruber EPFL \u00ab\u00a0] The EPFL\u2019s Vice Presidency for Innovation had a&hellip;&nbsp;Lire la suite &raquo;","og_url":"https:\/\/astroevents.ch\/fr\/das-sagen-die-teilnehmer","og_site_name":"Astro Events","article_modified_time":"2022-01-11T12:48:51+00:00","og_image":[{"url":"https:\/\/astroevents.ch\/wp-content\/uploads\/2021\/12\/DSC_5382-aufgehellt-1024x427.jpg","type":"","width":"","height":""}],"twitter_card":"summary_large_image","twitter_misc":{"Dur\u00e9e de lecture estim\u00e9e":"7 minutes"},"schema":{"@context":"https:\/\/schema.org","@graph":[{"@type":"WebPage","@id":"https:\/\/astroevents.ch\/en\/das-sagen-die-teilnehmer","url":"https:\/\/astroevents.ch\/en\/das-sagen-die-teilnehmer","name":"- Astro Events","isPartOf":{"@id":"https:\/\/astroevents.ch\/#website"},"primaryImageOfPage":{"@id":"https:\/\/astroevents.ch\/en\/das-sagen-die-teilnehmer#primaryimage"},"image":{"@id":"https:\/\/astroevents.ch\/en\/das-sagen-die-teilnehmer#primaryimage"},"thumbnailUrl":"https:\/\/astroevents.ch\/wp-content\/uploads\/2021\/12\/DSC_5382-aufgehellt-1024x427.jpg","datePublished":"2020-12-02T00:39:03+00:00","dateModified":"2022-01-11T12:48:51+00:00","inLanguage":"fr-FR","potentialAction":[{"@type":"ReadAction","target":["https:\/\/astroevents.ch\/en\/das-sagen-die-teilnehmer"]}]},{"@type":"ImageObject","inLanguage":"fr-FR","@id":"https:\/\/astroevents.ch\/en\/das-sagen-die-teilnehmer#primaryimage","url":"https:\/\/astroevents.ch\/wp-content\/uploads\/2021\/12\/DSC_5382-aufgehellt-1024x427.jpg","contentUrl":"https:\/\/astroevents.ch\/wp-content\/uploads\/2021\/12\/DSC_5382-aufgehellt-1024x427.jpg"},{"@type":"WebSite","@id":"https:\/\/astroevents.ch\/#website","url":"https:\/\/astroevents.ch\/","name":"Astro Events","description":"This site is under construction, please visit in the meantime our official webpage: astroevents.ch or find us on facebook: https:\/\/www.facebook.com\/astroevents.ch\/","publisher":{"@id":"https:\/\/astroevents.ch\/#organization"},"potentialAction":[{"@type":"SearchAction","target":{"@type":"EntryPoint","urlTemplate":"https:\/\/astroevents.ch\/?s={search_term_string}"},"query-input":{"@type":"PropertyValueSpecification","valueRequired":true,"valueName":"search_term_string"}}],"inLanguage":"fr-FR"},{"@type":"Organization","@id":"https:\/\/astroevents.ch\/#organization","name":"Astro Events","url":"https:\/\/astroevents.ch\/","logo":{"@type":"ImageObject","inLanguage":"fr-FR","@id":"https:\/\/astroevents.ch\/#\/schema\/logo\/image\/","url":"https:\/\/astroevents.ch\/wp-content\/uploads\/2020\/02\/AstroEvent_logo_white_path.png","contentUrl":"https:\/\/astroevents.ch\/wp-content\/uploads\/2020\/02\/AstroEvent_logo_white_path.png","width":1113,"height":910,"caption":"Astro Events"},"image":{"@id":"https:\/\/astroevents.ch\/#\/schema\/logo\/image\/"}}]}},"_links":{"self":[{"href":"https:\/\/astroevents.ch\/fr\/wp-json\/wp\/v2\/pages\/245","targetHints":{"allow":["GET"]}}],"collection":[{"href":"https:\/\/astroevents.ch\/fr\/wp-json\/wp\/v2\/pages"}],"about":[{"href":"https:\/\/astroevents.ch\/fr\/wp-json\/wp\/v2\/types\/page"}],"author":[{"embeddable":true,"href":"https:\/\/astroevents.ch\/fr\/wp-json\/wp\/v2\/users\/1"}],"replies":[{"embeddable":true,"href":"https:\/\/astroevents.ch\/fr\/wp-json\/wp\/v2\/comments?post=245"}],"version-history":[{"count":45,"href":"https:\/\/astroevents.ch\/fr\/wp-json\/wp\/v2\/pages\/245\/revisions"}],"predecessor-version":[{"id":579,"href":"https:\/\/astroevents.ch\/fr\/wp-json\/wp\/v2\/pages\/245\/revisions\/579"}],"wp:attachment":[{"href":"https:\/\/astroevents.ch\/fr\/wp-json\/wp\/v2\/media?parent=245"}],"curies":[{"name":"wp","href":"https:\/\/api.w.org\/{rel}","templated":true}]}}